{"id":127,"date":"2013-06-19T19:04:00","date_gmt":"2013-06-20T00:04:00","guid":{"rendered":"http:\/\/adepacolombia.wordpress.com\/?page_id=127"},"modified":"2026-01-30T16:57:25","modified_gmt":"2026-01-30T16:57:25","slug":"jung","status":"publish","type":"page","link":"https:\/\/www.adepac.org\/inicio\/biografias\/jung\/","title":{"rendered":"Cronolog\u00eda Jung"},"content":{"rendered":"\n<p>Carl Gustav Jung (1875\u20131961) fue un psiquiatra y psicoterapeuta suizo, fundador de la Psicolog\u00eda Anal\u00edtica, un enfoque que ampli\u00f3 la comprensi\u00f3n de la psique humana a trav\u00e9s de nociones como el inconsciente colectivo, los arquetipos, los procesos de individuaci\u00f3n y la funci\u00f3n transcendente.<\/p>\n\n\n\n<p>Su obra, extensa y profundamente influyente, abarca cl\u00ednica, mitolog\u00eda, religi\u00f3n comparada, s\u00edmbolos y cultura. Esta secci\u00f3n ofrece una presentaci\u00f3n cronol\u00f3gica general de su vida, sus principales aportes te\u00f3ricos y el impacto de su pensamiento en la Psicolog\u00eda Anal\u00edtica contempor\u00e1nea.<\/p>\n\n\n<div id=\"miembros\">\n<div align=\"center\">\n<img loading=\"lazy\" decoding=\"async\" alt=\"\" src=\"http:\/\/www.adepac.org\/imagenes\/boyjung.gif\" width=\"180\" height=\"245\" \/>\n<\/div>\n<h4><b>1875<\/b><\/h4>\n<p>Nace C. G. Jung, el 26 de julio, en Kesswil, Suiza, del matrimonio formado por Johann Paul Achilles Jung, pastor protestante y de Emilie Preiswerk, hija de un pastor de Basilea.<\/p>\n<h4><b>1879<\/b><\/h4>\n<p>La familia decide mudarse a Basilea<\/p>\n<h4><b>1884<\/b><\/h4>\n<p>Nace su hermana Gertrud<\/p>\n<h4><b>1886<\/b><\/h4>\n<p>Comienza sus estudios de bachillerato en Basilea<\/p>\n<h4><b>1895<\/b><\/h4>\n<p>Empieza sus estudios de Medicina en la Universidad de Basilea e ingresa a la Sociedad Zofingia<\/p>\n<h4><b>1896<\/b><\/h4>\n<p>Muere el padre de Jung, con quien mantuvo una relaci\u00f3n dif\u00edcil<\/p>\n<h4><b>1898<\/b><\/h4>\n<p>Asiste a sesiones espiritistas en las que participa su prima Helene Preiswerk como m\u00e9dium<\/p>\n<h4><b>1900<\/b><\/h4>\n<p>Decide especializarse en el campo de la psiquiatr\u00eda. A finales de este a\u00f1o, es nombrado m\u00e9dico asistente en la Cl\u00ednica Burg\u00f6lzli, Zurich, bajo la direcci\u00f3n de Eugen Bleuler<\/p>\n<h4><b>1901<\/b><\/h4>\n<p>Comienza su inter\u00e9s por el espiritismo<\/p>\n<h4><b>1902<\/b><\/h4>\n<p>Asiste a los cursos de Pierre Janet en la Salpetriere (Paris)<\/p>\n<h4><b>1903<\/b><\/h4>\n<p>Matrimonio de Jung con Emma Rauschenbach (tendr\u00e1n 5 hijos). Este mismo a\u00f1o comienza el inter\u00e9s de Jung por la obra de Freud.<\/p>\n<div align=\"center\">\n<img loading=\"lazy\" decoding=\"async\" alt=\"\" src=\"http:\/\/www.adepac.org\/imagenes\/youngjw.gif\" width=\"297\" height=\"205\" \/>\n<\/div>\n<h4><b>1904<\/b><\/h4>\n<p>Jung atiende a la paciente rusa Sabina Spielrein. A final de este a\u00f1o nace su primera hija \u00c1gatha.<\/p>\n<h4><b>1905<\/b><\/h4>\n<p>Jung se grad\u00faa en psiquiatr\u00eda y es nombrado Jefe de Servicio en la Clinica Burg\u00f6lzli y comienza a ejercer como docente en la Universidad de Zurich.<\/p>\n<h4><b>1906<\/b><\/h4>\n<p>Nace su segunda hija Anna. Escribe a Freud por primera vez, una correspondencia que durar\u00e1 siete a\u00f1os.<\/p>\n<h4><b>1907<\/b><\/h4>\n<p>Primer encuentro con Freud en Viena. Al poco tiempo, \u00e9ste designa a Jung como su sucesor y colaborador m\u00e1s h\u00e1bil dentro del grupo de psicoanalistas que lo acompa\u00f1an. Su correspondencia se vuelve m\u00e1s constante.<\/p>\n<h4><b>1908<\/b><\/h4>\n<p>Se realiza el Primer Congreso Internacional de Psicoan\u00e1lisis en Salzburgo, en donde Jung hace una presentaci\u00f3n y defensa de la teor\u00eda freudiana. Nace el hijo de Jung, Franz.<\/p>\n<h4><b>1909<\/b><\/h4>\n<p>Se retira de la Cl\u00ednica Burg\u00f6lzli para irse a vivir en K\u00fcsnacht, en donde lleva a cabo consulta privada. A final del a\u00f1o viaja con Freud a la Universidad de Clark, Estados Unidos.<\/p>\n<h4><b>1910<\/b><\/h4>\n<p>Jung es elegido Presidente Permanente durante el Segundo Congreso Internacional de Psicoan\u00e1lisis, celebrado en N\u00faremberg. Nace su tercera hija, Marianne.<\/p>\n<div align=\"center\">\n<img loading=\"lazy\" decoding=\"async\" alt=\"\" src=\"http:\/\/www.adepac.org\/imagenes\/jungj.jpg\" width=\"191\" height=\"229\" \/>\n<\/div>\n<h4><b>1912<\/b><\/h4>\n<p>A ra\u00edz de la publicaci\u00f3n de Jung Transformaciones y s\u00edmbolos de la libido, comienzan a enfriarse las comunicaciones con Freud. Despu\u00e9s, durante una conferencia de la Universidad de Fordham, Nueva York, establece sus diferencias con \u00e9ste respecto del psicoan\u00e1lisis.<\/p>\n<h4><b>1913<\/b><\/h4>\n<p>Se produce la ruptura definitiva de Jung con Freud, lo cual afecta sensiblemente a los dos. Jung se retira de la docencia en la Universidad de Zurich. Utiliza por primera vez el t\u00e9rmino \u00abPsicolog\u00eda Anal\u00edtica\u00bb.<\/p>\n<h4><b>1914<\/b><\/h4>\n<p>Jung renuncia a la presidencia del Congreso Internacional de Psicoan\u00e1lisis. El grupo de Zurich se separa de la Asociaci\u00f3n Psicoanal\u00edtica Internacional. Comienza la Primera Guerra Mundial.<\/p>\n<h4><b>1916<\/b><\/h4>\n<p>Jung funda el Club Psicol\u00f3gico de Zurich. En sus escritos, utiliza por primera vez los conceptos de \u00abindividuaci\u00f3n\u00bb, \u00abinconsciente personal\u00bb e \u00abinconsciente colectivo\u00bb.<\/p>\n<h4><b>1919<\/b><\/h4>\n<p>Jung utiliza por primera vez el concepto de \u00abarquetipo\u00bb.<\/p>\n<h4><b>1920<\/b><\/h4>\n<p>Viaja por Argelia y T\u00fanez<\/p>\n<h4><b>1921<\/b><\/h4>\n<p>Publica su libro Tipos Psicol\u00f3gicos<\/p>\n<h4><b>1923<\/b><\/h4>\n<p>Muere la madre de Jung. Comienza a construir \u00e9l mismo su casa en Bollingen.<\/p>\n<h4><b>1924<\/b><\/h4>\n<p>Viaja a conocer la comunidad de los indios Pueblo en Nuevo M\u00e9xico, Estados Unidos.<\/p>\n<h4><b>1925<\/b><\/h4>\n<p>Viaja Londres y luego a Kenia, Africa, en donde visita a los pobladores del Monte Egon<\/p>\n<h4><b>1928<\/b><\/h4>\n<p>Publica Las relaciones del yo y el inconsciente<\/p>\n<h4><b>1929<\/b><\/h4>\n<p>Comienza a trabajar con Marie-Louise von Franz, quien colabora en sus estudios sobre Alquimia<\/p>\n<h4><b>1930<\/b><\/h4>\n<p>Es nombrado vicepresidente de la Sociedad M\u00e9dica General de Psicoterapia<\/p>\n<h4><b>1932<\/b><\/h4>\n<p>Recibe el Premio Literario de Zurich.<\/p>\n<h4><b>1933<\/b><\/h4>\n<p>Se inician los encuentros \u00abEranos\u00bb en Ascona, Suiza, en casa de Olga Froebe-Kaptein<\/p>\n<h4><b>1934<\/b><\/h4>\n<p>Es nombrado primer presidente de la Sociedad Internacional M\u00e9dica General de Psicoterapia<\/p>\n<h4><b>1935<\/b><\/h4>\n<p>Asiste en Londres a las \u00abConferencias Tavistock\u00bb<\/p>\n<h4><b>1936<\/b><\/h4>\n<p>Recibe el Honoris Causa de la Universidad de Harvard<\/p>\n<h4><b>1937<\/b><\/h4>\n<p>Viaja a Estados Unidos para las \u00abConferencias Terry\u00bb sobre psicolog\u00eda y religi\u00f3n. Viaja a la India.<\/p>\n<h4><b>1938<\/b><\/h4>\n<p>Recibe el Honoris Causa de la Universidad de Oxford<\/p>\n<h4><b>1939<\/b><\/h4>\n<p>Se inicia la Segunda Guerra Mundial.<\/p>\n<h4><b>1944<\/b><\/h4>\n<p>Sufre un ataque cardiaco que le obliga a abandonar las tareas docentes<\/p>\n<h4><b>1945<\/b><\/h4>\n<p>Recibe el Honoris Causa de la Universidad de Ginebra.<\/p>\n<h4><b>1948<\/b><\/h4>\n<p>Se funda el Instituto C. G. Jung de Zurich<\/p>\n<div align=\"center\">\n<img loading=\"lazy\" decoding=\"async\" alt=\"\" src=\"http:\/\/www.adepac.org\/imagenes\/cg57_jpg.jpg\" width=\"150\" height=\"180\" \/><\/span><\/p>\n<\/div>\n<h4><b>1952<\/b><\/h4>\n<p>Escribe sobre la sincronicidad<\/p>\n<h4><b>1953<\/b><\/h4>\n<p>Comienza la publicaci\u00f3n de la Obra Completa en la serie Bollingen, Nueva York<\/p>\n<h4><b>1955<\/b><\/h4>\n<p>Escribe con el Premio Novel W. Pauli sobre sincronicidad. Muere Emma Jung<\/p>\n<h4><b>1958<\/b><\/h4>\n<p>Se publica Sue\u00f1os, Recuerdos, Pensamientos en colaboraci\u00f3n con Aniela Jaff\u00e9.<\/p>\n<h4><b>1961<\/b><\/h4>\n<p>Fallece Jung el 6 de junio en su casa de K\u00fcsnacht<\/p>\n<\/div>","protected":false},"excerpt":{"rendered":"<p>Carl Gustav Jung (1875\u20131961) fue un psiquiatra y psicoterapeuta suizo, fundador de la Psicolog\u00eda Anal\u00edtica, un enfoque que ampli\u00f3 la comprensi\u00f3n de la psique humana a trav\u00e9s de nociones como el inconsciente colectivo, los arquetipos, los procesos de individuaci\u00f3n y &hellip; <a href=\"https:\/\/www.adepac.org\/inicio\/biografias\/jung\/\">Sigue leyendo <span class=\"meta-nav\">&rarr;<\/span><\/a><\/p>\n","protected":false},"author":2,"featured_media":0,"parent":73,"menu_order":1,"comment_status":"closed","ping_status":"closed","template":"","meta":{"footnotes":""},"class_list":["post-127","page","type-page","status-publish","hentry"],"_links":{"self":[{"href":"https:\/\/www.adepac.org\/inicio\/wp-json\/wp\/v2\/pages\/127","targetHints":{"allow":["GET"]}}],"collection":[{"href":"https:\/\/www.adepac.org\/inicio\/wp-json\/wp\/v2\/pages"}],"about":[{"href":"https:\/\/www.adepac.org\/inicio\/wp-json\/wp\/v2\/types\/page"}],"author":[{"embeddable":true,"href":"https:\/\/www.adepac.org\/inicio\/wp-json\/wp\/v2\/users\/2"}],"replies":[{"embeddable":true,"href":"https:\/\/www.adepac.org\/inicio\/wp-json\/wp\/v2\/comments?post=127"}],"version-history":[{"count":12,"href":"https:\/\/www.adepac.org\/inicio\/wp-json\/wp\/v2\/pages\/127\/revisions"}],"predecessor-version":[{"id":10142,"href":"https:\/\/www.adepac.org\/inicio\/wp-json\/wp\/v2\/pages\/127\/revisions\/10142"}],"up":[{"embeddable":true,"href":"https:\/\/www.adepac.org\/inicio\/wp-json\/wp\/v2\/pages\/73"}],"wp:attachment":[{"href":"https:\/\/www.adepac.org\/inicio\/wp-json\/wp\/v2\/media?parent=127"}],"curies":[{"name":"wp","href":"https:\/\/api.w.org\/{rel}","templated":true}]}}